{"id":1304,"date":"2019-02-25T11:54:27","date_gmt":"2019-02-25T11:54:27","guid":{"rendered":"http:\/\/www.grangeventoux.com\/?page_id=1304"},"modified":"2019-02-25T12:01:53","modified_gmt":"2019-02-25T12:01:53","slug":"randonnee","status":"publish","type":"page","link":"https:\/\/www.grangeventoux.com\/?page_id=1304&lang=fr","title":{"rendered":"Randonn\u00e9e"},"content":{"rendered":"\n<p>Le GR 9, situ\u00e9 derri\u00e8re notre terrasse, vous emm\u00e8ne \u00e0 la chapelle Saint Roche.Nous commen\u00e7ons notre journ\u00e9e par une belle promenade matinale. Vous avez une vue magnifique sur Monieux et Sault. Cette promenade vous donne d\u00e9j\u00e0 une bonne impression de l\u2019environnement. Je d\u00e9cris bri\u00e8vement certaines des plus belles promenades dans le quartier:<\/p>\n\n\n\n<ul class=\"wp-block-gallery columns-3 is-cropped wp-block-gallery-1 is-layout-flex wp-block-gallery-is-layout-flex\"><li class=\"blocks-gallery-item\"><figure><a href=\"http:\/\/www.grangeventoux.com\/wp-content\/uploads\/2019\/02\/DSC_1430-1024x680-1024x680.jpg\"><img loading=\"lazy\" decoding=\"async\" width=\"1024\" height=\"680\" src=\"http:\/\/www.grangeventoux.com\/wp-content\/uploads\/2019\/02\/DSC_1430-1024x680-1024x680.jpg\" alt=\"\" data-id=\"1310\" data-link=\"http:\/\/www.grangeventoux.com\/?attachment_id=1310#main\" class=\"wp-image-1310\" srcset=\"https:\/\/www.grangeventoux.com\/wp-content\/uploads\/2019\/02\/DSC_1430-1024x680.jpg 1024w, https:\/\/www.grangeventoux.com\/wp-content\/uploads\/2019\/02\/DSC_1430-1024x680-300x199.jpg 300w, https:\/\/www.grangeventoux.com\/wp-content\/uploads\/2019\/02\/DSC_1430-1024x680-768x510.jpg 768w, https:\/\/www.grangeventoux.com\/wp-content\/uploads\/2019\/02\/DSC_1430-1024x680-800x531.jpg 800w, https:\/\/www.grangeventoux.com\/wp-content\/uploads\/2019\/02\/DSC_1430-1024x680-600x398.jpg 600w\" sizes=\"auto, (max-width: 1024px) 100vw, 1024px\" \/><\/a><\/figure><\/li><li class=\"blocks-gallery-item\"><figure><a href=\"http:\/\/www.grangeventoux.com\/wp-content\/uploads\/2019\/02\/DSC_1488-1024x680-1024x680.jpg\"><img loading=\"lazy\" decoding=\"async\" width=\"1024\" height=\"680\" src=\"http:\/\/www.grangeventoux.com\/wp-content\/uploads\/2019\/02\/DSC_1488-1024x680-1024x680.jpg\" alt=\"\" data-id=\"1311\" data-link=\"http:\/\/www.grangeventoux.com\/?attachment_id=1311#main\" class=\"wp-image-1311\" srcset=\"https:\/\/www.grangeventoux.com\/wp-content\/uploads\/2019\/02\/DSC_1488-1024x680.jpg 1024w, https:\/\/www.grangeventoux.com\/wp-content\/uploads\/2019\/02\/DSC_1488-1024x680-300x199.jpg 300w, https:\/\/www.grangeventoux.com\/wp-content\/uploads\/2019\/02\/DSC_1488-1024x680-768x510.jpg 768w, https:\/\/www.grangeventoux.com\/wp-content\/uploads\/2019\/02\/DSC_1488-1024x680-800x531.jpg 800w, https:\/\/www.grangeventoux.com\/wp-content\/uploads\/2019\/02\/DSC_1488-1024x680-600x398.jpg 600w\" sizes=\"auto, (max-width: 1024px) 100vw, 1024px\" \/><\/a><\/figure><\/li><li class=\"blocks-gallery-item\"><figure><a href=\"http:\/\/www.grangeventoux.com\/wp-content\/uploads\/2019\/02\/IMG_3505-1024x765-1024x765.jpg\"><img loading=\"lazy\" decoding=\"async\" width=\"1024\" height=\"765\" src=\"http:\/\/www.grangeventoux.com\/wp-content\/uploads\/2019\/02\/IMG_3505-1024x765-1024x765.jpg\" alt=\"\" data-id=\"1312\" data-link=\"http:\/\/www.grangeventoux.com\/?attachment_id=1312#main\" class=\"wp-image-1312\" srcset=\"https:\/\/www.grangeventoux.com\/wp-content\/uploads\/2019\/02\/IMG_3505-1024x765.jpg 1024w, https:\/\/www.grangeventoux.com\/wp-content\/uploads\/2019\/02\/IMG_3505-1024x765-300x224.jpg 300w, https:\/\/www.grangeventoux.com\/wp-content\/uploads\/2019\/02\/IMG_3505-1024x765-768x574.jpg 768w, https:\/\/www.grangeventoux.com\/wp-content\/uploads\/2019\/02\/IMG_3505-1024x765-800x598.jpg 800w, https:\/\/www.grangeventoux.com\/wp-content\/uploads\/2019\/02\/IMG_3505-1024x765-600x448.jpg 600w\" sizes=\"auto, (max-width: 1024px) 100vw, 1024px\" \/><\/a><\/figure><\/li><\/ul>\n\n\n\n<p><strong>Gorges de la Nesque: <\/strong><br>Belle promenade circulaire tr\u00e8s vari\u00e9e avec une descente spectaculaire dans la gorges. Vous commencez dans les champs, puis vous passez le plan d&#8217;eau de Monieux pour voir changer brusquement le paysage sur une courte distance. <br>Le sentier rocheux monte mod\u00e9r\u00e9ment et traverse une belle for\u00eat de ch\u00eanes \u00e0 c\u00f4t\u00e9 de belles falaises, o\u00f9 vous pourrez faire de l&#8217;escalade. <br>Au croisement Saint-Hubert \/ Chapelle St Michel, une descente profonde suit la gorge. Vous passerez de profonds ravins surplombants des paraois rocheuses et grandes grottes. De nombreuses traces de Neandertal ont \u00e9t\u00e9 trouv\u00e9es ici. Vous pouvez vous imaginer \u00e0 l\u2019\u00e9poque pr\u00e9historique. Une fois arriv\u00e9 \u00e0 la rivi\u00e8re, vous traverserez sur un petit pont de pierre fabriqu\u00e9 par vous-m\u00eames. A l\u2019ombre d\u2019un rocher surplombant le visage, appara\u00eet soudainement la chapelle Saint-Michel. Il remonte au 12\u00e8me si\u00e8cle et il a de belles fresques et sculptures. C\u2019est un endroit agr\u00e9able pour faire une pause avant de recommencer \u00e0 grimper. <br>Vous rentrez \u00e0 Monieux par la rive droite de la Nesque. La v\u00e9g\u00e9tation ici est tr\u00e8s diff\u00e9rente. De vieilles terrasses en pierre trahissent que le sol \u00e9tait cultiv\u00e9 ici autrefois. Monieux, qui compte aujourd&#8217;hui 250 habitants, \u00e9tait beaucoup plus grande au Moyen \u00c2ge. A cette \u00e9poque il comptait plus de      1000 habitants. <br>Stefan Hertmans d\u00e9crit avec brio une histoire d&#8217;amour interdite au 11\u00e8me si\u00e8cle dans les convertis. C\u2019est un livre fantastique qui vous donne une autre de fa\u00e7on au village Vous reconna\u00eetrez beaucoup de d\u00e9tails qu&#8217;il d\u00e9crit dans le livre, pendant votre promenade.<\/p>\n\n\n\n<figure class=\"wp-block-image\"><a href=\"http:\/\/www.grangeventoux.com\/wp-content\/uploads\/2019\/02\/IMG-20190115-WA0005.jpg\" target=\"_blank\" rel=\"noreferrer noopener\"><img loading=\"lazy\" decoding=\"async\" width=\"1024\" height=\"576\" src=\"http:\/\/www.grangeventoux.com\/wp-content\/uploads\/2019\/02\/IMG-20190115-WA0005-1024x576.jpg\" alt=\"\" class=\"wp-image-1321\" srcset=\"https:\/\/www.grangeventoux.com\/wp-content\/uploads\/2019\/02\/IMG-20190115-WA0005-1024x576.jpg 1024w, https:\/\/www.grangeventoux.com\/wp-content\/uploads\/2019\/02\/IMG-20190115-WA0005-300x169.jpg 300w, https:\/\/www.grangeventoux.com\/wp-content\/uploads\/2019\/02\/IMG-20190115-WA0005-768x432.jpg 768w, https:\/\/www.grangeventoux.com\/wp-content\/uploads\/2019\/02\/IMG-20190115-WA0005-800x450.jpg 800w, https:\/\/www.grangeventoux.com\/wp-content\/uploads\/2019\/02\/IMG-20190115-WA0005-600x337.jpg 600w, https:\/\/www.grangeventoux.com\/wp-content\/uploads\/2019\/02\/IMG-20190115-WA0005.jpg 1599w\" sizes=\"auto, (max-width: 1024px) 100vw, 1024px\" \/><\/a><\/figure>\n\n\n\n<p><strong>Toulourenc avec pieds mouill\u00e9s:<\/strong> <br>Les jours chauds, cette promenade dans le lit de la rivi\u00e8re de la Toulourenc est un voyage rafra\u00eechissant. Vous marchez le meilleur de Veaux, direction St L\u00e9ger en amont. Au d\u00e9but, vous allez marcher dans l\u2019eaux peu profonde, mais bient\u00f4t vous rencontrez des lieux o\u00f9 vous devez parfois nager. Faites vraiement attention lors d\u2019 une temp\u00eate! Les mots \u201ctout ou rien\u201d sont dans le Toulourenc Ce nom n&#8217;est pas vol\u00e9 pour rien!<\/p>\n\n\n\n<figure class=\"wp-block-image\"><a href=\"http:\/\/www.grangeventoux.com\/wp-content\/uploads\/2019\/02\/gorges_du_toulourenc_031.jpg\" target=\"_blank\" rel=\"noreferrer noopener\"><img loading=\"lazy\" decoding=\"async\" width=\"1024\" height=\"768\" src=\"http:\/\/www.grangeventoux.com\/wp-content\/uploads\/2019\/02\/gorges_du_toulourenc_031-1024x768.jpg\" alt=\"\" class=\"wp-image-1326\" srcset=\"https:\/\/www.grangeventoux.com\/wp-content\/uploads\/2019\/02\/gorges_du_toulourenc_031.jpg 1024w, https:\/\/www.grangeventoux.com\/wp-content\/uploads\/2019\/02\/gorges_du_toulourenc_031-300x225.jpg 300w, https:\/\/www.grangeventoux.com\/wp-content\/uploads\/2019\/02\/gorges_du_toulourenc_031-768x576.jpg 768w, https:\/\/www.grangeventoux.com\/wp-content\/uploads\/2019\/02\/gorges_du_toulourenc_031-800x600.jpg 800w, https:\/\/www.grangeventoux.com\/wp-content\/uploads\/2019\/02\/gorges_du_toulourenc_031-600x450.jpg 600w\" sizes=\"auto, (max-width: 1024px) 100vw, 1024px\" \/><\/a><\/figure>\n\n\n\n<p><strong>C\u00f4t\u00e9 nord du Ventoux: <\/strong><br>Randonn\u00e9e circulaire tr\u00e8s vari\u00e9e qui vous am\u00e8ne sur les dessus. Vous d\u00e9couvrirez pourquoi le pied du Mont Ventoux est une montagne unique. Normalement, cette promenade laisse derri\u00e8re nous le camping du Mont Serein. Nous vous recommandons cependant de d\u00e9marrer au Chalet Reynard. Ainsi, vous ne conduirez pas inutilement plus haut et vous pourrez profiter de la vue spectaculaire sur la cr\u00eate \u00e0 pied. <br>Vous voici sur le territoire des chamois et des bouquetins. Jusqu&#8217;au 18\u00e8me si\u00e8cle, les gens n&#8217;osaient pas marcher le long du c\u00f4t\u00e9 nord: c&#8217;\u00e9tait le c\u00f4t\u00e9 hant\u00e9. L&#8217;histoire raconte que le diable vivait dans le ventre du ventoux. Cela s\u2019av\u00e8re dans une grotte \u00e0 proximit\u00e9 du sommet. Lorsque le mistral souffle, vous entendez le cri du Ventoux. La grotte est situ\u00e9e juste au-dessus du GR. <\/p>\n\n\n\n<figure class=\"wp-block-image\"><a href=\"http:\/\/www.grangeventoux.com\/wp-content\/uploads\/2019\/02\/FB_IMG_1543395181085.jpg\" target=\"_blank\" rel=\"noreferrer noopener\"><img loading=\"lazy\" decoding=\"async\" width=\"1024\" height=\"722\" src=\"http:\/\/www.grangeventoux.com\/wp-content\/uploads\/2019\/02\/FB_IMG_1543395181085-1024x722.jpg\" alt=\"\" class=\"wp-image-1332\" srcset=\"https:\/\/www.grangeventoux.com\/wp-content\/uploads\/2019\/02\/FB_IMG_1543395181085-1024x722.jpg 1024w, https:\/\/www.grangeventoux.com\/wp-content\/uploads\/2019\/02\/FB_IMG_1543395181085-300x211.jpg 300w, https:\/\/www.grangeventoux.com\/wp-content\/uploads\/2019\/02\/FB_IMG_1543395181085-768x541.jpg 768w, https:\/\/www.grangeventoux.com\/wp-content\/uploads\/2019\/02\/FB_IMG_1543395181085-800x564.jpg 800w, https:\/\/www.grangeventoux.com\/wp-content\/uploads\/2019\/02\/FB_IMG_1543395181085-600x423.jpg 600w, https:\/\/www.grangeventoux.com\/wp-content\/uploads\/2019\/02\/FB_IMG_1543395181085.jpg 1362w\" sizes=\"auto, (max-width: 1024px) 100vw, 1024px\" \/><\/a><\/figure>\n","protected":false},"excerpt":{"rendered":"<p>Le GR 9, situ\u00e9 derri\u00e8re notre terrasse, vous emm\u00e8ne \u00e0 la chapelle Saint Roche.Nous commen\u00e7ons notre journ\u00e9e par une belle promenade matinale. Vous avez une vue magnifique sur Monieux et Sault. Cette promenade vous donne d\u00e9j\u00e0 une bonne impression de l\u2019environnement. Je d\u00e9cris bri\u00e8vement certaines des plus belles promenades dans le quartier: Gorges de la&hellip;<\/p>\n","protected":false},"author":1,"featured_media":0,"parent":992,"menu_order":5,"comment_status":"closed","ping_status":"closed","template":"","meta":{"footnotes":""},"class_list":["post-1304","page","type-page","status-publish","hentry"],"yoast_head":"<!-- This site is optimized with the Yoast SEO plugin v24.9 - https:\/\/yoast.com\/wordpress\/plugins\/seo\/ -->\n<title>Randonn\u00e9e - bienvenue a Grange Ventoux<\/title>\n<meta name=\"robots\" content=\"index, follow, max-snippet:-1, max-image-preview:large, max-video-preview:-1\" \/>\n<link rel=\"canonical\" href=\"https:\/\/www.grangeventoux.com\/?page_id=1304&lang=fr\" \/>\n<meta property=\"og:locale\" content=\"nl_BE\" \/>\n<meta property=\"og:type\" content=\"article\" \/>\n<meta property=\"og:title\" content=\"Randonn\u00e9e - bienvenue a Grange Ventoux\" \/>\n<meta property=\"og:description\" content=\"Le GR 9, situ\u00e9 derri\u00e8re notre terrasse, vous emm\u00e8ne \u00e0 la chapelle Saint Roche.Nous commen\u00e7ons notre journ\u00e9e par une belle promenade matinale. Vous avez une vue magnifique sur Monieux et Sault. Cette promenade vous donne d\u00e9j\u00e0 une bonne impression de l\u2019environnement. Je d\u00e9cris bri\u00e8vement certaines des plus belles promenades dans le quartier: Gorges de la&hellip;\" \/>\n<meta property=\"og:url\" content=\"https:\/\/www.grangeventoux.com\/?page_id=1304&amp;lang=fr\" \/>\n<meta property=\"og:site_name\" content=\"bienvenue a Grange Ventoux\" \/>\n<meta property=\"article:publisher\" content=\"https:\/\/www.facebook.com\/grangeventoux\/\" \/>\n<meta property=\"article:modified_time\" content=\"2019-02-25T12:01:53+00:00\" \/>\n<meta property=\"og:image\" content=\"http:\/\/www.grangeventoux.com\/wp-content\/uploads\/2019\/02\/DSC_1430-1024x680-1024x680.jpg\" \/>\n<meta name=\"twitter:card\" content=\"summary_large_image\" \/>\n<meta name=\"twitter:label1\" content=\"Geschatte leestijd\" \/>\n\t<meta name=\"twitter:data1\" content=\"3 minuten\" \/>\n<script type=\"application\/ld+json\" class=\"yoast-schema-graph\">{\"@context\":\"https:\/\/schema.org\",\"@graph\":[{\"@type\":\"WebPage\",\"@id\":\"https:\/\/www.grangeventoux.com\/?page_id=1304&lang=fr\",\"url\":\"https:\/\/www.grangeventoux.com\/?page_id=1304&lang=fr\",\"name\":\"Randonn\u00e9e - bienvenue a Grange Ventoux\",\"isPartOf\":{\"@id\":\"https:\/\/www.grangeventoux.com\/#website\"},\"primaryImageOfPage\":{\"@id\":\"https:\/\/www.grangeventoux.com\/?page_id=1304&lang=fr#primaryimage\"},\"image\":{\"@id\":\"https:\/\/www.grangeventoux.com\/?page_id=1304&lang=fr#primaryimage\"},\"thumbnailUrl\":\"http:\/\/www.grangeventoux.com\/wp-content\/uploads\/2019\/02\/DSC_1430-1024x680-1024x680.jpg\",\"datePublished\":\"2019-02-25T11:54:27+00:00\",\"dateModified\":\"2019-02-25T12:01:53+00:00\",\"breadcrumb\":{\"@id\":\"https:\/\/www.grangeventoux.com\/?page_id=1304&lang=fr#breadcrumb\"},\"inLanguage\":\"nl-BE\",\"potentialAction\":[{\"@type\":\"ReadAction\",\"target\":[\"https:\/\/www.grangeventoux.com\/?page_id=1304&lang=fr\"]}]},{\"@type\":\"ImageObject\",\"inLanguage\":\"nl-BE\",\"@id\":\"https:\/\/www.grangeventoux.com\/?page_id=1304&lang=fr#primaryimage\",\"url\":\"http:\/\/www.grangeventoux.com\/wp-content\/uploads\/2019\/02\/DSC_1430-1024x680-1024x680.jpg\",\"contentUrl\":\"http:\/\/www.grangeventoux.com\/wp-content\/uploads\/2019\/02\/DSC_1430-1024x680-1024x680.jpg\"},{\"@type\":\"BreadcrumbList\",\"@id\":\"https:\/\/www.grangeventoux.com\/?page_id=1304&lang=fr#breadcrumb\",\"itemListElement\":[{\"@type\":\"ListItem\",\"position\":1,\"name\":\"Home\",\"item\":\"https:\/\/www.grangeventoux.com\/\"},{\"@type\":\"ListItem\",\"position\":2,\"name\":\"Outdoor\",\"item\":\"https:\/\/www.grangeventoux.com\/?page_id=992&lang=fr\"},{\"@type\":\"ListItem\",\"position\":3,\"name\":\"Randonn\u00e9e\"}]},{\"@type\":\"WebSite\",\"@id\":\"https:\/\/www.grangeventoux.com\/#website\",\"url\":\"https:\/\/www.grangeventoux.com\/\",\"name\":\"bienvenue a Grange Ventoux\",\"description\":\"un petit coin de paradis\",\"potentialAction\":[{\"@type\":\"SearchAction\",\"target\":{\"@type\":\"EntryPoint\",\"urlTemplate\":\"https:\/\/www.grangeventoux.com\/?s={search_term_string}\"},\"query-input\":{\"@type\":\"PropertyValueSpecification\",\"valueRequired\":true,\"valueName\":\"search_term_string\"}}],\"inLanguage\":\"nl-BE\"}]}<\/script>\n<!-- \/ Yoast SEO plugin. -->","yoast_head_json":{"title":"Randonn\u00e9e - bienvenue a Grange Ventoux","robots":{"index":"index","follow":"follow","max-snippet":"max-snippet:-1","max-image-preview":"max-image-preview:large","max-video-preview":"max-video-preview:-1"},"canonical":"https:\/\/www.grangeventoux.com\/?page_id=1304&lang=fr","og_locale":"nl_BE","og_type":"article","og_title":"Randonn\u00e9e - bienvenue a Grange Ventoux","og_description":"Le GR 9, situ\u00e9 derri\u00e8re notre terrasse, vous emm\u00e8ne \u00e0 la chapelle Saint Roche.Nous commen\u00e7ons notre journ\u00e9e par une belle promenade matinale. Vous avez une vue magnifique sur Monieux et Sault. Cette promenade vous donne d\u00e9j\u00e0 une bonne impression de l\u2019environnement. Je d\u00e9cris bri\u00e8vement certaines des plus belles promenades dans le quartier: Gorges de la&hellip;","og_url":"https:\/\/www.grangeventoux.com\/?page_id=1304&lang=fr","og_site_name":"bienvenue a Grange Ventoux","article_publisher":"https:\/\/www.facebook.com\/grangeventoux\/","article_modified_time":"2019-02-25T12:01:53+00:00","og_image":[{"url":"http:\/\/www.grangeventoux.com\/wp-content\/uploads\/2019\/02\/DSC_1430-1024x680-1024x680.jpg","type":"","width":"","height":""}],"twitter_card":"summary_large_image","twitter_misc":{"Geschatte leestijd":"3 minuten"},"schema":{"@context":"https:\/\/schema.org","@graph":[{"@type":"WebPage","@id":"https:\/\/www.grangeventoux.com\/?page_id=1304&lang=fr","url":"https:\/\/www.grangeventoux.com\/?page_id=1304&lang=fr","name":"Randonn\u00e9e - bienvenue a Grange Ventoux","isPartOf":{"@id":"https:\/\/www.grangeventoux.com\/#website"},"primaryImageOfPage":{"@id":"https:\/\/www.grangeventoux.com\/?page_id=1304&lang=fr#primaryimage"},"image":{"@id":"https:\/\/www.grangeventoux.com\/?page_id=1304&lang=fr#primaryimage"},"thumbnailUrl":"http:\/\/www.grangeventoux.com\/wp-content\/uploads\/2019\/02\/DSC_1430-1024x680-1024x680.jpg","datePublished":"2019-02-25T11:54:27+00:00","dateModified":"2019-02-25T12:01:53+00:00","breadcrumb":{"@id":"https:\/\/www.grangeventoux.com\/?page_id=1304&lang=fr#breadcrumb"},"inLanguage":"nl-BE","potentialAction":[{"@type":"ReadAction","target":["https:\/\/www.grangeventoux.com\/?page_id=1304&lang=fr"]}]},{"@type":"ImageObject","inLanguage":"nl-BE","@id":"https:\/\/www.grangeventoux.com\/?page_id=1304&lang=fr#primaryimage","url":"http:\/\/www.grangeventoux.com\/wp-content\/uploads\/2019\/02\/DSC_1430-1024x680-1024x680.jpg","contentUrl":"http:\/\/www.grangeventoux.com\/wp-content\/uploads\/2019\/02\/DSC_1430-1024x680-1024x680.jpg"},{"@type":"BreadcrumbList","@id":"https:\/\/www.grangeventoux.com\/?page_id=1304&lang=fr#breadcrumb","itemListElement":[{"@type":"ListItem","position":1,"name":"Home","item":"https:\/\/www.grangeventoux.com\/"},{"@type":"ListItem","position":2,"name":"Outdoor","item":"https:\/\/www.grangeventoux.com\/?page_id=992&lang=fr"},{"@type":"ListItem","position":3,"name":"Randonn\u00e9e"}]},{"@type":"WebSite","@id":"https:\/\/www.grangeventoux.com\/#website","url":"https:\/\/www.grangeventoux.com\/","name":"bienvenue a Grange Ventoux","description":"un petit coin de paradis","potentialAction":[{"@type":"SearchAction","target":{"@type":"EntryPoint","urlTemplate":"https:\/\/www.grangeventoux.com\/?s={search_term_string}"},"query-input":{"@type":"PropertyValueSpecification","valueRequired":true,"valueName":"search_term_string"}}],"inLanguage":"nl-BE"}]}},"jetpack_sharing_enabled":true,"_links":{"self":[{"href":"https:\/\/www.grangeventoux.com\/index.php?rest_route=\/wp\/v2\/pages\/1304","targetHints":{"allow":["GET"]}}],"collection":[{"href":"https:\/\/www.grangeventoux.com\/index.php?rest_route=\/wp\/v2\/pages"}],"about":[{"href":"https:\/\/www.grangeventoux.com\/index.php?rest_route=\/wp\/v2\/types\/page"}],"author":[{"embeddable":true,"href":"https:\/\/www.grangeventoux.com\/index.php?rest_route=\/wp\/v2\/users\/1"}],"replies":[{"embeddable":true,"href":"https:\/\/www.grangeventoux.com\/index.php?rest_route=%2Fwp%2Fv2%2Fcomments&post=1304"}],"version-history":[{"count":6,"href":"https:\/\/www.grangeventoux.com\/index.php?rest_route=\/wp\/v2\/pages\/1304\/revisions"}],"predecessor-version":[{"id":1335,"href":"https:\/\/www.grangeventoux.com\/index.php?rest_route=\/wp\/v2\/pages\/1304\/revisions\/1335"}],"up":[{"embeddable":true,"href":"https:\/\/www.grangeventoux.com\/index.php?rest_route=\/wp\/v2\/pages\/992"}],"wp:attachment":[{"href":"https:\/\/www.grangeventoux.com\/index.php?rest_route=%2Fwp%2Fv2%2Fmedia&parent=1304"}],"curies":[{"name":"wp","href":"https:\/\/api.w.org\/{rel}","templated":true}]}}